{"id":754,"date":"2021-01-27T22:32:14","date_gmt":"2021-01-27T21:32:14","guid":{"rendered":"http:\/\/jurioffice.fr\/?page_id=754"},"modified":"2021-03-09T16:23:15","modified_gmt":"2021-03-09T15:23:15","slug":"qui-sommes-nous-2","status":"publish","type":"page","link":"https:\/\/jurioffice.fr\/?page_id=754","title":{"rendered":"Qui sommes-nous"},"content":{"rendered":"\n<p style=\"font-size:18px\"><span class=\"has-inline-color has-black-color\">De formation juridique universitaire sup\u00e9rieure, j\u2019ai acquis, au cours de 17 ann\u00e9es pass\u00e9es en cabinet d\u2019avocats, une exp\u00e9rience et un attrait pour l\u2019ensemble du droit des soci\u00e9t\u00e9s, son formalisme et sa rigueur.<\/span><\/p>\n\n\n\n<p style=\"font-size:18px\"><span class=\"has-inline-color has-black-color\">Forte de 10 ann\u00e9es d\u2019exp\u00e9riences dans ce domaine pr\u00e9cis, aupr\u00e8s d\u2019avocats d\u2019affaires et fiscalistes, j\u2019ai d\u00e9cid\u00e9 de cr\u00e9er une structure qui a pour but de se mettre au service des professionnels du droit et du chiffre que sont les cabinets d\u2019avocats ou d\u2019expertise comptable et commissariat aux comptes.<\/span><\/p>\n\n\n\n<p style=\"font-size:18px\"><span class=\"has-inline-color has-black-color\">Je propose donc&nbsp;:<\/span><\/p>\n\n\n\n<p style=\"font-size:18px\"><span class=\"has-inline-color has-black-color\">L\u2019externalisation des prestations juridiques r\u00e9currentes et la r\u00e9alisation des formalit\u00e9s aff\u00e9rentes.<\/span><\/p>\n\n\n\n<p style=\"font-size:18px\">&#8211; <span class=\"has-inline-color has-black-color\">De mani\u00e8re \u00e0 d\u00e9gager du temps pour se consacrer au c\u0153ur de son activit\u00e9,<\/span><\/p>\n\n\n\n<p style=\"font-size:18px\">&#8211; <span class=\"has-inline-color has-black-color\">R\u00e9duire les co\u00fbts si l\u2019embauche d\u2019un salari\u00e9 n\u2019est pas n\u00e9cessaire, la prestation repr\u00e9sentant en plus une charge d\u00e9ductible pour le professionnel.<\/span><\/p>\n\n\n\n<p style=\"font-size:18px\"><\/p>\n","protected":false},"excerpt":{"rendered":"<p>De formation juridique universitaire sup\u00e9rieure, j\u2019ai acquis, au cours de 17 ann\u00e9es pass\u00e9es en cabinet d\u2019avocats, une exp\u00e9rience et un attrait pour l\u2019ensemble du droit des soci\u00e9t\u00e9s, son formalisme et sa rigueur. Forte de 10 ann\u00e9es d\u2019exp\u00e9riences dans ce domaine pr\u00e9cis, aupr\u00e8s d\u2019avocats d\u2019affaires et fiscalistes, j\u2019ai d\u00e9cid\u00e9 de cr\u00e9er une structure qui a pour [&hellip;]<\/p>\n","protected":false},"author":1,"featured_media":0,"parent":0,"menu_order":0,"comment_status":"closed","ping_status":"closed","template":"","meta":[],"_links":{"self":[{"href":"https:\/\/jurioffice.fr\/index.php?rest_route=\/wp\/v2\/pages\/754"}],"collection":[{"href":"https:\/\/jurioffice.fr\/index.php?rest_route=\/wp\/v2\/pages"}],"about":[{"href":"https:\/\/jurioffice.fr\/index.php?rest_route=\/wp\/v2\/types\/page"}],"author":[{"embeddable":true,"href":"https:\/\/jurioffice.fr\/index.php?rest_route=\/wp\/v2\/users\/1"}],"replies":[{"embeddable":true,"href":"https:\/\/jurioffice.fr\/index.php?rest_route=%2Fwp%2Fv2%2Fcomments&post=754"}],"version-history":[{"count":8,"href":"https:\/\/jurioffice.fr\/index.php?rest_route=\/wp\/v2\/pages\/754\/revisions"}],"predecessor-version":[{"id":906,"href":"https:\/\/jurioffice.fr\/index.php?rest_route=\/wp\/v2\/pages\/754\/revisions\/906"}],"wp:attachment":[{"href":"https:\/\/jurioffice.fr\/index.php?rest_route=%2Fwp%2Fv2%2Fmedia&parent=754"}],"curies":[{"name":"wp","href":"https:\/\/api.w.org\/{rel}","templated":true}]}}