{"id":734,"date":"2021-01-27T19:40:31","date_gmt":"2021-01-27T18:40:31","guid":{"rendered":"http:\/\/jurioffice.fr\/?page_id=734"},"modified":"2021-03-09T16:23:42","modified_gmt":"2021-03-09T15:23:42","slug":"nos-prestations","status":"publish","type":"page","link":"https:\/\/jurioffice.fr\/?page_id=734","title":{"rendered":"Nos prestations"},"content":{"rendered":"\n<h3 style=\"font-size:33px\"><span style=\"color:#848d62\" class=\"has-inline-color\">Droit des Soci\u00e9t\u00e9s<\/span><\/h3>\n\n\n\n<p style=\"font-size:18px\">&#8211; R\u00e9daction de statuts (SAS, SCI, SA\u2026) et immatriculation <\/p>\n\n\n\n<p style=\"font-size:18px\">&#8211; Modifications statutaires (transfert de si\u00e8ge, changement de dirigeant, modification de l\u2019objet social\u2026)<\/p>\n\n\n\n<p style=\"font-size:18px\">&#8211; Approbation des comptes annuels (R\u00e9daction des convocations, rapport, proc\u00e8s-verbal&#8230;)<\/p>\n\n\n\n<p style=\"font-size:18px\">&#8211; Poursuite de l&#8217;activit\u00e9 malgr\u00e9 les pertes, reconstitution des capitaux propres<\/p>\n\n\n\n<p style=\"font-size:18px\">&#8211; Modifications sur les organes sociaux (Pr\u00e9sident, Directeur G\u00e9n\u00e9ral, G\u00e9rant, Commissaires au comptes&#8230;)<\/p>\n\n\n\n<p style=\"font-size:18px\">&#8211; Transformation<\/p>\n\n\n\n<p style=\"font-size:18px\">&#8211; Op\u00e9rations sur le capital social (Cession de titres, convention de tr\u00e9sorerie, pacte d\u2019actionnaires, augmentation \/ r\u00e9duction de capital\u2026)<\/p>\n\n\n\n<p style=\"font-size:18px\">&#8211; Registre des b\u00e9n\u00e9ficiaires effectifs (\u00e9tablissement du formulaire et d\u00e9p\u00f4t)<\/p>\n\n\n\n<p style=\"font-size:18px\">&#8211; Dissolution, liquidation (mise en sommeil, \u00e9tablissements secondaires\u2026)<\/p>\n\n\n\n<div style=\"height:20px\" aria-hidden=\"true\" class=\"wp-block-spacer\"><\/div>\n\n\n\n<h3 style=\"font-size:33px\"><span style=\"color:#848d62\" class=\"has-inline-color\">Formalit\u00e9s l\u00e9gales<\/span><\/h3>\n\n\n\n<p style=\"font-size:18px\">&#8211; R\u00e9daction des annonces l\u00e9gales (gestion des relations avec les journaux d&#8217;annonces)<\/p>\n\n\n\n<p style=\"font-size:18px\">&#8211; D\u00e9p\u00f4t et suivi des dossiers de formalit\u00e9s aupr\u00e8s des greffes de Tribunaux de Commerces<\/p>\n\n\n\n<p style=\"font-size:18px\">&#8211; D\u00e9p\u00f4t et suivi des dossiers aupr\u00e8s des services fiscaux<\/p>\n\n\n\n<div style=\"height:20px\" aria-hidden=\"true\" class=\"wp-block-spacer\"><\/div>\n\n\n\n<h3 class=\"has-text-align-left\" style=\"font-size:33px\"><span style=\"color:#848d62\" class=\"has-inline-color\">Nous prenons en charge l&#8217;ensemble des d\u00e9marches li\u00e9es \u00e0 la cr\u00e9ation et au suivi juridique   des soci\u00e9t\u00e9s civiles et commerciales.<\/span><\/h3>\n\n\n\n<div style=\"height:29px\" aria-hidden=\"true\" class=\"wp-block-spacer\"><\/div>\n\n\n\n<div style=\"height:20px\" aria-hidden=\"true\" class=\"wp-block-spacer\"><\/div>\n\n\n\n<h3 style=\"font-size:33px\"><span style=\"color:#848d62\" class=\"has-inline-color\">Support aux avocats <\/span><\/h3>\n\n\n\n<p style=\"font-size:18px\">Nous pouvons \u00e9galement intervenir en support aux avocats en mati\u00e8re de droit de la famille, droit p\u00e9nal &#8230;<\/p>\n\n\n\n<p style=\"font-size:18px\">&#8211; Pr\u00e9paration des assignations en divorce, requ\u00eates, conclusions<\/p>\n\n\n\n<p style=\"font-size:18px\">&#8211; Retranscription de documents, remise en forme<\/p>\n\n\n\n<p style=\"font-size:18px\">&#8211; Correspondances <\/p>\n","protected":false},"excerpt":{"rendered":"<p>Droit des Soci\u00e9t\u00e9s &#8211; R\u00e9daction de statuts (SAS, SCI, SA\u2026) et immatriculation &#8211; Modifications statutaires (transfert de si\u00e8ge, changement de dirigeant, modification de l\u2019objet social\u2026) &#8211; Approbation des comptes annuels (R\u00e9daction des convocations, rapport, proc\u00e8s-verbal&#8230;) &#8211; Poursuite de l&#8217;activit\u00e9 malgr\u00e9 les pertes, reconstitution des capitaux propres &#8211; Modifications sur les organes sociaux (Pr\u00e9sident, Directeur G\u00e9n\u00e9ral, [&hellip;]<\/p>\n","protected":false},"author":1,"featured_media":0,"parent":0,"menu_order":0,"comment_status":"closed","ping_status":"closed","template":"","meta":[],"_links":{"self":[{"href":"https:\/\/jurioffice.fr\/index.php?rest_route=\/wp\/v2\/pages\/734"}],"collection":[{"href":"https:\/\/jurioffice.fr\/index.php?rest_route=\/wp\/v2\/pages"}],"about":[{"href":"https:\/\/jurioffice.fr\/index.php?rest_route=\/wp\/v2\/types\/page"}],"author":[{"embeddable":true,"href":"https:\/\/jurioffice.fr\/index.php?rest_route=\/wp\/v2\/users\/1"}],"replies":[{"embeddable":true,"href":"https:\/\/jurioffice.fr\/index.php?rest_route=%2Fwp%2Fv2%2Fcomments&post=734"}],"version-history":[{"count":12,"href":"https:\/\/jurioffice.fr\/index.php?rest_route=\/wp\/v2\/pages\/734\/revisions"}],"predecessor-version":[{"id":905,"href":"https:\/\/jurioffice.fr\/index.php?rest_route=\/wp\/v2\/pages\/734\/revisions\/905"}],"wp:attachment":[{"href":"https:\/\/jurioffice.fr\/index.php?rest_route=%2Fwp%2Fv2%2Fmedia&parent=734"}],"curies":[{"name":"wp","href":"https:\/\/api.w.org\/{rel}","templated":true}]}}